{"id":18,"date":"2013-09-27T07:55:49","date_gmt":"2013-09-27T07:55:49","guid":{"rendered":"http:\/\/ambershades.cz\/?page_id=18"},"modified":"2026-08-17T06:33:01","modified_gmt":"2026-08-17T06:33:01","slug":"maja","status":"publish","type":"page","link":"https:\/\/www.ambershades.cz\/en\/feny\/maja\/","title":{"rendered":"Maja"},"content":{"rendered":"<p><!--:cs--><\/p>\n<div class='fotorama--wp' data-ids='339,156,179,177,155,150,149,140,136,135'data-link='file'data-itemtag='dl'data-icontag='dt'data-captiontag='dd'data-columns='0'data-size='large'data-width='525'data-auto='false'data-max-width='100%'data-ratio='1.4914772727273'><div id='gallery-1' class='gallery galleryid-18 gallery-columns-0 gallery-size-thumbnail'><dl class='gallery-item'>\n\t\t\t<dt class='gallery-icon landscape'>\n\t\t\t\t<a href='https:\/\/www.ambershades.cz\/wp-content\/uploads\/2013\/09\/mazunka.jpg' data-full='https:\/\/www.ambershades.cz\/wp-content\/uploads\/2013\/09\/mazunka.jpg'><img loading=\"lazy\" decoding=\"async\" width=\"150\" height=\"150\" src=\"https:\/\/www.ambershades.cz\/wp-content\/uploads\/2013\/09\/mazunka-150x150.jpg\" class=\"attachment-thumbnail size-thumbnail\" alt=\"\" \/><\/a>\n\t\t\t<\/dt><\/dl><dl class='gallery-item'>\n\t\t\t<dt class='gallery-icon landscape'>\n\t\t\t\t<a href='https:\/\/www.ambershades.cz\/wp-content\/uploads\/2013\/09\/1303-maja-leti.jpg' data-full='https:\/\/www.ambershades.cz\/wp-content\/uploads\/2013\/09\/1303-maja-leti.jpg'><img loading=\"lazy\" decoding=\"async\" width=\"150\" height=\"150\" src=\"https:\/\/www.ambershades.cz\/wp-content\/uploads\/2013\/09\/1303-maja-leti-150x150.jpg\" class=\"attachment-thumbnail size-thumbnail\" alt=\"\" aria-describedby=\"gallery-1-156\" \/><\/a>\n\t\t\t<\/dt>\n\t\t\t\t<dd class='wp-caption-text gallery-caption' id='gallery-1-156'>\n\t\t\t\tPhoto: Parti Paws kennel\n\t\t\t\t<\/dd><\/dl><dl class='gallery-item'>\n\t\t\t<dt class='gallery-icon portrait'>\n\t\t\t\t<a href='https:\/\/www.ambershades.cz\/wp-content\/uploads\/2013\/09\/maja-brno4.jpg' data-full='https:\/\/www.ambershades.cz\/wp-content\/uploads\/2013\/09\/maja-brno4.jpg'><img loading=\"lazy\" decoding=\"async\" width=\"150\" height=\"150\" src=\"https:\/\/www.ambershades.cz\/wp-content\/uploads\/2013\/09\/maja-brno4-150x150.jpg\" class=\"attachment-thumbnail size-thumbnail\" alt=\"\" aria-describedby=\"gallery-1-179\" \/><\/a>\n\t\t\t<\/dt>\n\t\t\t\t<dd class='wp-caption-text gallery-caption' id='gallery-1-179'>\n\t\t\t\tPhoto: Juraj Kova\u010d\n\t\t\t\t<\/dd><\/dl><dl class='gallery-item'>\n\t\t\t<dt class='gallery-icon portrait'>\n\t\t\t\t<a href='https:\/\/www.ambershades.cz\/wp-content\/uploads\/2013\/09\/maja-brno2.jpg' data-full='https:\/\/www.ambershades.cz\/wp-content\/uploads\/2013\/09\/maja-brno2.jpg'><img loading=\"lazy\" decoding=\"async\" width=\"150\" height=\"150\" src=\"https:\/\/www.ambershades.cz\/wp-content\/uploads\/2013\/09\/maja-brno2-150x150.jpg\" class=\"attachment-thumbnail size-thumbnail\" alt=\"\" aria-describedby=\"gallery-1-177\" \/><\/a>\n\t\t\t<\/dt>\n\t\t\t\t<dd class='wp-caption-text gallery-caption' id='gallery-1-177'>\n\t\t\t\tPhoto: Juraj Kova\u010d\n\t\t\t\t<\/dd><\/dl><dl class='gallery-item'>\n\t\t\t<dt class='gallery-icon landscape'>\n\t\t\t\t<a href='https:\/\/www.ambershades.cz\/wp-content\/uploads\/2013\/09\/1303-korunovacni-maja-1024x679.jpg' data-full='https:\/\/www.ambershades.cz\/wp-content\/uploads\/2013\/09\/1303-korunovacni-maja.jpg'><img loading=\"lazy\" decoding=\"async\" width=\"150\" height=\"150\" src=\"https:\/\/www.ambershades.cz\/wp-content\/uploads\/2013\/09\/1303-korunovacni-maja-150x150.jpg\" class=\"attachment-thumbnail size-thumbnail\" alt=\"\" aria-describedby=\"gallery-1-155\" \/><\/a>\n\t\t\t<\/dt>\n\t\t\t\t<dd class='wp-caption-text gallery-caption' id='gallery-1-155'>\n\t\t\t\tFoto pan Kol\u00e1\u0159\n\t\t\t\t<\/dd><\/dl><dl class='gallery-item'>\n\t\t\t<dt class='gallery-icon landscape'>\n\t\t\t\t<a href='https:\/\/www.ambershades.cz\/wp-content\/uploads\/2013\/09\/1308-konopiste.jpg' data-full='https:\/\/www.ambershades.cz\/wp-content\/uploads\/2013\/09\/1308-konopiste.jpg'><img loading=\"lazy\" decoding=\"async\" width=\"150\" height=\"150\" src=\"https:\/\/www.ambershades.cz\/wp-content\/uploads\/2013\/09\/1308-konopiste-150x150.jpg\" class=\"attachment-thumbnail size-thumbnail\" alt=\"\" aria-describedby=\"gallery-1-150\" \/><\/a>\n\t\t\t<\/dt>\n\t\t\t\t<dd class='wp-caption-text gallery-caption' id='gallery-1-150'>\n\t\t\t\tPhoto: Parti Paws kennel\n\t\t\t\t<\/dd><\/dl><dl class='gallery-item'>\n\t\t\t<dt class='gallery-icon portrait'>\n\t\t\t\t<a href='https:\/\/www.ambershades.cz\/wp-content\/uploads\/2013\/09\/1307-narozeniny.jpg' data-full='https:\/\/www.ambershades.cz\/wp-content\/uploads\/2013\/09\/1307-narozeniny.jpg'><img loading=\"lazy\" decoding=\"async\" width=\"150\" height=\"150\" src=\"https:\/\/www.ambershades.cz\/wp-content\/uploads\/2013\/09\/1307-narozeniny-150x150.jpg\" class=\"attachment-thumbnail size-thumbnail\" alt=\"\" \/><\/a>\n\t\t\t<\/dt><\/dl><dl class='gallery-item'>\n\t\t\t<dt class='gallery-icon landscape'>\n\t\t\t\t<a href='https:\/\/www.ambershades.cz\/wp-content\/uploads\/2013\/09\/1303-maja-stodulky-4.jpg' data-full='https:\/\/www.ambershades.cz\/wp-content\/uploads\/2013\/09\/1303-maja-stodulky-4.jpg'><img loading=\"lazy\" decoding=\"async\" width=\"150\" height=\"150\" src=\"https:\/\/www.ambershades.cz\/wp-content\/uploads\/2013\/09\/1303-maja-stodulky-4-150x150.jpg\" class=\"attachment-thumbnail size-thumbnail\" alt=\"\" aria-describedby=\"gallery-1-140\" \/><\/a>\n\t\t\t<\/dt>\n\t\t\t\t<dd class='wp-caption-text gallery-caption' id='gallery-1-140'>\n\t\t\t\tPhoto. Stanislav Kol\u00e1\u0159\n\t\t\t\t<\/dd><\/dl><dl class='gallery-item'>\n\t\t\t<dt class='gallery-icon landscape'>\n\t\t\t\t<a href='https:\/\/www.ambershades.cz\/wp-content\/uploads\/2013\/09\/1301-maja-stredokluky.jpg' data-full='https:\/\/www.ambershades.cz\/wp-content\/uploads\/2013\/09\/1301-maja-stredokluky.jpg'><img loading=\"lazy\" decoding=\"async\" width=\"150\" height=\"150\" src=\"https:\/\/www.ambershades.cz\/wp-content\/uploads\/2013\/09\/1301-maja-stredokluky-150x150.jpg\" class=\"attachment-thumbnail size-thumbnail\" alt=\"\" \/><\/a>\n\t\t\t<\/dt><\/dl><dl class='gallery-item'>\n\t\t\t<dt class='gallery-icon landscape'>\n\t\t\t\t<a href='https:\/\/www.ambershades.cz\/wp-content\/uploads\/2013\/09\/1301-maja-pohyb.jpg' data-full='https:\/\/www.ambershades.cz\/wp-content\/uploads\/2013\/09\/1301-maja-pohyb.jpg'><img loading=\"lazy\" decoding=\"async\" width=\"150\" height=\"150\" src=\"https:\/\/www.ambershades.cz\/wp-content\/uploads\/2013\/09\/1301-maja-pohyb-150x150.jpg\" class=\"attachment-thumbnail size-thumbnail\" alt=\"\" aria-describedby=\"gallery-1-135\" \/><\/a>\n\t\t\t<\/dt>\n\t\t\t\t<dd class='wp-caption-text gallery-caption' id='gallery-1-135'>\n\t\t\t\tPhoto: Stanislav Kol\u00e1\u0159\n\t\t\t\t<\/dd><\/dl>\n\t\t<\/div>\n<\/div>\n<h2>Foster&#8217;s Marchioness-Amber<\/h2>\n<p>*2012-\u20202024<\/p>\n<p style=\"text-align: justify;\">Maja do na\u0161\u00ed rodiny p\u0159i\u0161la po dlouh\u00e9m hled\u00e1n\u00ed na konci \u0159\u00edjna 2012. Je to p\u011bkn\u00e1 divo\u0161ka, \u010dern\u00e9 p\u0159edky v rodokmenu rozhodn\u011b nezap\u0159e. O pudlech obecn\u011b plat\u00ed, \u017ee jsou inteligentn\u00ed, ale u Ma\u0159enky je to snad dvojn\u00e1sob. Jej\u00ed vynal\u00e9zavost p\u0159ekon\u00e1v\u00e1 i na\u0161e velmi bujn\u00e9 p\u0159edstavy.<\/p>\n<p style=\"text-align: justify;\">Stejn\u011b\u00a0jako Charlie m\u00e1 velice milou a stabiln\u00ed povahu, av\u0161ak temperamentu na rozd\u00e1v\u00e1n\u00ed. V chovatelsk\u00e9 stanici Foster&#8217;s ve \u0160v\u00e9dsku, odkud Ma\u0159enka poch\u00e1z\u00ed, d\u00e1vaj\u00ed velk\u00fd d\u016fraz pr\u00e1v\u011b na \u0161lecht\u011bn\u00ed povahy.<\/p>\n<p style=\"text-align: justify;\">Maja je neust\u00e1le jako na p\u00e9rk\u00e1ch, po\u0159\u00e1d n\u011bkde poskakuje. Na obou stran\u00e1ch rodokmenu m\u00e1 australsk\u00e9 p\u0159edky, ob\u010das m\u00e1m podez\u0159en\u00ed, zda se jim tam do toho nemohl p\u0159im\u00edchat klokan&#8230;<\/p>\n<p style=\"text-align: justify;\">Majinou velkou p\u0159ednost\u00ed je nesm\u00edrn\u011b hust\u00e1 a kvalitn\u00ed srst. M\u00e1 dobrou pigmentaci nosu a kr\u00e1sn\u011b tmavou k\u016f\u017ei.<\/p>\n<p style=\"text-align: justify;\">Maju m\u00e1me ve spoluvlastnictv\u00ed, nebydl\u00ed v CHS ale u spolumajitele.<\/p>\n<h2 style=\"text-align: justify;\">Rodokmen<\/h2>\n\n<table id=\"tablepress-1\" class=\"tablepress tablepress-id-1 tbody-has-connected-cells\">\n<tbody>\n<tr class=\"row-1\">\n\t<td class=\"column-1\"><\/td><td class=\"column-2\"><\/td><td class=\"column-3\"><\/td>\n<\/tr>\n<tr class=\"row-2\">\n\t<td rowspan=\"4\" class=\"column-1\">Foster's Star Fighter<\/td><td rowspan=\"2\" class=\"column-2\">Shertonah Hit The Lights<\/td><td class=\"column-3\">Elegant Dream Aforeignaffair<\/td>\n<\/tr>\n<tr class=\"row-3\">\n\t<td class=\"column-3\">Starina I Told You So<\/td>\n<\/tr>\n<tr class=\"row-4\">\n\t<td rowspan=\"2\" class=\"column-2\">Foster's Frigg<\/td><td class=\"column-3\">Little Red Sunshine Satisfaction<\/td>\n<\/tr>\n<tr class=\"row-5\">\n\t<td class=\"column-3\">Foster\u2019s My Best Friend<\/td>\n<\/tr>\n<tr class=\"row-6\">\n\t<td rowspan=\"4\" class=\"column-1\">Foster's Amber Diamond<\/td><td rowspan=\"2\" class=\"column-2\">Fagrell's Casper-Holiday<\/td><td class=\"column-3\">Foster's Bungalow Kid<\/td>\n<\/tr>\n<tr class=\"row-7\">\n\t<td class=\"column-3\">Foster's Holiday In Sunshine<\/td>\n<\/tr>\n<tr class=\"row-8\">\n\t<td rowspan=\"2\" class=\"column-2\">Litlbasi Lady Amber<\/td><td class=\"column-3\">Neiger Gold Ginger <\/td>\n<\/tr>\n<tr class=\"row-9\">\n\t<td class=\"column-3\">Neiger Lil Diamond <\/td>\n<\/tr>\n<\/tbody>\n<\/table>\n<!-- #tablepress-1 from cache -->\n<h2>Potomci<\/h2>\n<p>*2015 <a href=\"http:\/\/www.ambershades.cz\/en\/stenata\/a-odchov\/\">odchov A &#8222;Anniversary&#8220;<\/a>, chs Ambershades.<!--:--><!--:en--><\/p>\n<div class='fotorama--wp' data-ids='339,156,177,179,155,153,152,150,140'data-link='file'data-itemtag='dl'data-icontag='dt'data-captiontag='dd'data-columns='0'data-size='large'data-width='525'data-auto='false'data-max-width='100%'data-ratio='1.4914772727273'><div id='gallery-3' class='gallery galleryid-18 gallery-columns-0 gallery-size-thumbnail'><dl class='gallery-item'>\n\t\t\t<dt class='gallery-icon landscape'>\n\t\t\t\t<a href='https:\/\/www.ambershades.cz\/wp-content\/uploads\/2013\/09\/mazunka.jpg' data-full='https:\/\/www.ambershades.cz\/wp-content\/uploads\/2013\/09\/mazunka.jpg'><img loading=\"lazy\" decoding=\"async\" width=\"150\" height=\"150\" src=\"https:\/\/www.ambershades.cz\/wp-content\/uploads\/2013\/09\/mazunka-150x150.jpg\" class=\"attachment-thumbnail size-thumbnail\" alt=\"\" \/><\/a>\n\t\t\t<\/dt><\/dl><dl class='gallery-item'>\n\t\t\t<dt class='gallery-icon landscape'>\n\t\t\t\t<a href='https:\/\/www.ambershades.cz\/wp-content\/uploads\/2013\/09\/1303-maja-leti.jpg' data-full='https:\/\/www.ambershades.cz\/wp-content\/uploads\/2013\/09\/1303-maja-leti.jpg'><img loading=\"lazy\" decoding=\"async\" width=\"150\" height=\"150\" src=\"https:\/\/www.ambershades.cz\/wp-content\/uploads\/2013\/09\/1303-maja-leti-150x150.jpg\" class=\"attachment-thumbnail size-thumbnail\" alt=\"\" aria-describedby=\"gallery-3-156\" \/><\/a>\n\t\t\t<\/dt>\n\t\t\t\t<dd class='wp-caption-text gallery-caption' id='gallery-3-156'>\n\t\t\t\tPhoto: Parti Paws kennel\n\t\t\t\t<\/dd><\/dl><dl class='gallery-item'>\n\t\t\t<dt class='gallery-icon portrait'>\n\t\t\t\t<a href='https:\/\/www.ambershades.cz\/wp-content\/uploads\/2013\/09\/maja-brno2.jpg' data-full='https:\/\/www.ambershades.cz\/wp-content\/uploads\/2013\/09\/maja-brno2.jpg'><img loading=\"lazy\" decoding=\"async\" width=\"150\" height=\"150\" src=\"https:\/\/www.ambershades.cz\/wp-content\/uploads\/2013\/09\/maja-brno2-150x150.jpg\" class=\"attachment-thumbnail size-thumbnail\" alt=\"\" aria-describedby=\"gallery-3-177\" \/><\/a>\n\t\t\t<\/dt>\n\t\t\t\t<dd class='wp-caption-text gallery-caption' id='gallery-3-177'>\n\t\t\t\tPhoto: Juraj Kova\u010d\n\t\t\t\t<\/dd><\/dl><dl class='gallery-item'>\n\t\t\t<dt class='gallery-icon portrait'>\n\t\t\t\t<a href='https:\/\/www.ambershades.cz\/wp-content\/uploads\/2013\/09\/maja-brno4.jpg' data-full='https:\/\/www.ambershades.cz\/wp-content\/uploads\/2013\/09\/maja-brno4.jpg'><img loading=\"lazy\" decoding=\"async\" width=\"150\" height=\"150\" src=\"https:\/\/www.ambershades.cz\/wp-content\/uploads\/2013\/09\/maja-brno4-150x150.jpg\" class=\"attachment-thumbnail size-thumbnail\" alt=\"\" aria-describedby=\"gallery-3-179\" \/><\/a>\n\t\t\t<\/dt>\n\t\t\t\t<dd class='wp-caption-text gallery-caption' id='gallery-3-179'>\n\t\t\t\tPhoto: Juraj Kova\u010d\n\t\t\t\t<\/dd><\/dl><dl class='gallery-item'>\n\t\t\t<dt class='gallery-icon landscape'>\n\t\t\t\t<a href='https:\/\/www.ambershades.cz\/wp-content\/uploads\/2013\/09\/1303-korunovacni-maja-1024x679.jpg' data-full='https:\/\/www.ambershades.cz\/wp-content\/uploads\/2013\/09\/1303-korunovacni-maja.jpg'><img loading=\"lazy\" decoding=\"async\" width=\"150\" height=\"150\" src=\"https:\/\/www.ambershades.cz\/wp-content\/uploads\/2013\/09\/1303-korunovacni-maja-150x150.jpg\" class=\"attachment-thumbnail size-thumbnail\" alt=\"\" aria-describedby=\"gallery-3-155\" \/><\/a>\n\t\t\t<\/dt>\n\t\t\t\t<dd class='wp-caption-text gallery-caption' id='gallery-3-155'>\n\t\t\t\tFoto pan Kol\u00e1\u0159\n\t\t\t\t<\/dd><\/dl><dl class='gallery-item'>\n\t\t\t<dt class='gallery-icon landscape'>\n\t\t\t\t<a href='https:\/\/www.ambershades.cz\/wp-content\/uploads\/2013\/09\/1301-maja-stredokluky1.jpg' data-full='https:\/\/www.ambershades.cz\/wp-content\/uploads\/2013\/09\/1301-maja-stredokluky1.jpg'><img loading=\"lazy\" decoding=\"async\" width=\"150\" height=\"150\" src=\"https:\/\/www.ambershades.cz\/wp-content\/uploads\/2013\/09\/1301-maja-stredokluky1-150x150.jpg\" class=\"attachment-thumbnail size-thumbnail\" alt=\"\" \/><\/a>\n\t\t\t<\/dt><\/dl><dl class='gallery-item'>\n\t\t\t<dt class='gallery-icon landscape'>\n\t\t\t\t<a href='https:\/\/www.ambershades.cz\/wp-content\/uploads\/2013\/09\/1301-maja-pohyb1.jpg' data-full='https:\/\/www.ambershades.cz\/wp-content\/uploads\/2013\/09\/1301-maja-pohyb1.jpg'><img loading=\"lazy\" decoding=\"async\" width=\"150\" height=\"150\" src=\"https:\/\/www.ambershades.cz\/wp-content\/uploads\/2013\/09\/1301-maja-pohyb1-150x150.jpg\" class=\"attachment-thumbnail size-thumbnail\" alt=\"\" aria-describedby=\"gallery-3-152\" \/><\/a>\n\t\t\t<\/dt>\n\t\t\t\t<dd class='wp-caption-text gallery-caption' id='gallery-3-152'>\n\t\t\t\tPhoto: Stanislav Kol\u00e1\u0159\n\t\t\t\t<\/dd><\/dl><dl class='gallery-item'>\n\t\t\t<dt class='gallery-icon landscape'>\n\t\t\t\t<a href='https:\/\/www.ambershades.cz\/wp-content\/uploads\/2013\/09\/1308-konopiste.jpg' data-full='https:\/\/www.ambershades.cz\/wp-content\/uploads\/2013\/09\/1308-konopiste.jpg'><img loading=\"lazy\" decoding=\"async\" width=\"150\" height=\"150\" src=\"https:\/\/www.ambershades.cz\/wp-content\/uploads\/2013\/09\/1308-konopiste-150x150.jpg\" class=\"attachment-thumbnail size-thumbnail\" alt=\"\" aria-describedby=\"gallery-3-150\" \/><\/a>\n\t\t\t<\/dt>\n\t\t\t\t<dd class='wp-caption-text gallery-caption' id='gallery-3-150'>\n\t\t\t\tPhoto: Parti Paws kennel\n\t\t\t\t<\/dd><\/dl><dl class='gallery-item'>\n\t\t\t<dt class='gallery-icon landscape'>\n\t\t\t\t<a href='https:\/\/www.ambershades.cz\/wp-content\/uploads\/2013\/09\/1303-maja-stodulky-4.jpg' data-full='https:\/\/www.ambershades.cz\/wp-content\/uploads\/2013\/09\/1303-maja-stodulky-4.jpg'><img loading=\"lazy\" decoding=\"async\" width=\"150\" height=\"150\" src=\"https:\/\/www.ambershades.cz\/wp-content\/uploads\/2013\/09\/1303-maja-stodulky-4-150x150.jpg\" class=\"attachment-thumbnail size-thumbnail\" alt=\"\" aria-describedby=\"gallery-3-140\" \/><\/a>\n\t\t\t<\/dt>\n\t\t\t\t<dd class='wp-caption-text gallery-caption' id='gallery-3-140'>\n\t\t\t\tPhoto. Stanislav Kol\u00e1\u0159\n\t\t\t\t<\/dd><\/dl>\n\t\t<\/div>\n<\/div>\n<h2>Foster&#8217;s Marchioness-Amber<\/h2>\n<p>*2012-\u20202024<\/p>\n<p style=\"text-align: justify;\">Maja came to our family after very long search in autumn 2012. She is pretty wild girl owing to the black ancestors in the pedigree. It is well-known that poodles are inteligent, but Maja is twice smarter. She invents thing you even can&#8217;t imagine the dog is able to!<\/p>\n<p style=\"text-align: justify;\">Maja has lovely and stabile character and she is always good tempered. In Foster&#8217;s kennel in Sweden, where is Maja from, they care a lot about breeding with emphasis on character.<\/p>\n<p style=\"text-align: justify;\">Maja spends her days jumping in air, I&#8217;m often suspicious if she doesn&#8217;t have some kangaroo crossed in the Australian bloodlines that she has in both parental sides of the pedigree&#8230;<\/p>\n<p style=\"text-align: justify;\">Maja has uncredibly thick and quality coat, she also has a good nose pigmentation. I think she will get dark skin also in progress.<\/p>\n<p style=\"text-align: justify;\">Maja is co-owned with us, not living in the kennel but at co-owner&#8217;s house.<\/p>\n<h2 style=\"text-align: justify;\">Pedigree<\/h2>\n\n<table id=\"tablepress-1-no-2\" class=\"tablepress tablepress-id-1 tbody-has-connected-cells\">\n<tbody>\n<tr class=\"row-1\">\n\t<td class=\"column-1\"><\/td><td class=\"column-2\"><\/td><td class=\"column-3\"><\/td>\n<\/tr>\n<tr class=\"row-2\">\n\t<td rowspan=\"4\" class=\"column-1\">Foster's Star Fighter<\/td><td rowspan=\"2\" class=\"column-2\">Shertonah Hit The Lights<\/td><td class=\"column-3\">Elegant Dream Aforeignaffair<\/td>\n<\/tr>\n<tr class=\"row-3\">\n\t<td class=\"column-3\">Starina I Told You So<\/td>\n<\/tr>\n<tr class=\"row-4\">\n\t<td rowspan=\"2\" class=\"column-2\">Foster's Frigg<\/td><td class=\"column-3\">Little Red Sunshine Satisfaction<\/td>\n<\/tr>\n<tr class=\"row-5\">\n\t<td class=\"column-3\">Foster\u2019s My Best Friend<\/td>\n<\/tr>\n<tr class=\"row-6\">\n\t<td rowspan=\"4\" class=\"column-1\">Foster's Amber Diamond<\/td><td rowspan=\"2\" class=\"column-2\">Fagrell's Casper-Holiday<\/td><td class=\"column-3\">Foster's Bungalow Kid<\/td>\n<\/tr>\n<tr class=\"row-7\">\n\t<td class=\"column-3\">Foster's Holiday In Sunshine<\/td>\n<\/tr>\n<tr class=\"row-8\">\n\t<td rowspan=\"2\" class=\"column-2\">Litlbasi Lady Amber<\/td><td class=\"column-3\">Neiger Gold Ginger <\/td>\n<\/tr>\n<tr class=\"row-9\">\n\t<td class=\"column-3\">Neiger Lil Diamond <\/td>\n<\/tr>\n<\/tbody>\n<\/table>\n<!-- #tablepress-1-no-2 from cache -->\n<h2>Offsprings<\/h2>\n<p>*2015\u00a0<a href=\"http:\/\/www.ambershades.cz\/en\/stenata\/a-odchov\/\">\u00a0&#8222;Anniversary litter&#8220;<\/a>, \u00a0Ambershades kennel.<!--:--><\/p>","protected":false},"excerpt":{"rendered":"<p>Foster&#8217;s Marchioness-Amber *2012-\u20202024 Maja do na\u0161\u00ed rodiny p\u0159i\u0161la po dlouh\u00e9m hled\u00e1n\u00ed na konci \u0159\u00edjna 2012. Je to p\u011bkn\u00e1 divo\u0161ka, \u010dern\u00e9&hellip;<\/p>","protected":false},"author":1,"featured_media":147,"parent":10,"menu_order":0,"comment_status":"closed","ping_status":"closed","template":"","meta":{"_monsterinsights_skip_tracking":false,"footnotes":""},"class_list":["post-18","page","type-page","status-publish","has-post-thumbnail","hentry"],"_links":{"self":[{"href":"https:\/\/www.ambershades.cz\/en\/wp-json\/wp\/v2\/pages\/18","targetHints":{"allow":["GET"]}}],"collection":[{"href":"https:\/\/www.ambershades.cz\/en\/wp-json\/wp\/v2\/pages"}],"about":[{"href":"https:\/\/www.ambershades.cz\/en\/wp-json\/wp\/v2\/types\/page"}],"author":[{"embeddable":true,"href":"https:\/\/www.ambershades.cz\/en\/wp-json\/wp\/v2\/users\/1"}],"replies":[{"embeddable":true,"href":"https:\/\/www.ambershades.cz\/en\/wp-json\/wp\/v2\/comments?post=18"}],"version-history":[{"count":23,"href":"https:\/\/www.ambershades.cz\/en\/wp-json\/wp\/v2\/pages\/18\/revisions"}],"predecessor-version":[{"id":6084,"href":"https:\/\/www.ambershades.cz\/en\/wp-json\/wp\/v2\/pages\/18\/revisions\/6084"}],"up":[{"embeddable":true,"href":"https:\/\/www.ambershades.cz\/en\/wp-json\/wp\/v2\/pages\/10"}],"wp:featuredmedia":[{"embeddable":true,"href":"https:\/\/www.ambershades.cz\/en\/wp-json\/wp\/v2\/media\/147"}],"wp:attachment":[{"href":"https:\/\/www.ambershades.cz\/en\/wp-json\/wp\/v2\/media?parent=18"}],"curies":[{"name":"wp","href":"https:\/\/api.w.org\/{rel}","templated":true}]}}